{"id":25687,"date":"2022-04-27T17:28:37","date_gmt":"2022-04-27T15:28:37","guid":{"rendered":"http:\/\/musique-en-perigord.fr\/?page_id=25687"},"modified":"2022-07-06T11:30:19","modified_gmt":"2022-07-06T09:30:19","slug":"ensemble-stradivaria","status":"publish","type":"page","link":"https:\/\/musique-en-perigord.fr\/en\/stradivaria-ensemble\/","title":{"rendered":"Ensemble Stradivaria Guillaume Cuiller"},"content":{"rendered":"<p>[et_pb_section fb_built=\u00a0\u00bb1&Prime; admin_label=\u00a0\u00bbsection\u00a0\u00bb _builder_version=\u00a0\u00bb4.16&Prime; global_colors_info=\u00a0\u00bb{}\u00a0\u00bb][et_pb_row admin_label=\u00a0\u00bbrow\u00a0\u00bb _builder_version=\u00a0\u00bb4.16&Prime; background_size=\u00a0\u00bbinitial\u00a0\u00bb background_position=\u00a0\u00bbtop_left\u00a0\u00bb background_repeat=\u00a0\u00bbrepeat\u00a0\u00bb custom_margin=\u00a0\u00bb|auto|-34px|auto||\u00a0\u00bb global_colors_info=\u00a0\u00bb{}\u00a0\u00bb][et_pb_column type=\u00a0\u00bb4_4&Prime; _builder_version=\u00a0\u00bb4.16&Prime; custom_padding=\u00a0\u00bb|||\u00a0\u00bb global_colors_info=\u00a0\u00bb{}\u00a0\u00bb custom_padding__hover=\u00a0\u00bb|||\u00a0\u00bb][et_pb_text admin_label=\u00a0\u00bbText\u00a0\u00bb _builder_version=\u00a0\u00bb4.17.2&Prime; background_size=\u00a0\u00bbinitial\u00a0\u00bb background_position=\u00a0\u00bbtop_left\u00a0\u00bb background_repeat=\u00a0\u00bbrepeat\u00a0\u00bb global_colors_info=\u00a0\u00bb{}\u00a0\u00bb]<\/p>\n<p><!-- divi:heading --><\/p>\n<h1 id=\"et-rejoignez-notre-communaute-d-amateurs-de-musique\"><span style=\"font-size: x-large;\">Concert de l&rsquo;ensemble Stradivaria le 27 juillet 2022 au ch\u00e2teau de Campagne \u00e0 21h.<br \/><\/span><\/h1>\n<p><!-- \/divi:heading --><\/p>\n<p>[\/et_pb_text][\/et_pb_column][\/et_pb_row][\/et_pb_section][et_pb_section fb_built=\u00a0\u00bb1&Prime; _builder_version=\u00a0\u00bb4.17.2&Prime; _module_preset=\u00a0\u00bbdefault\u00a0\u00bb global_colors_info=\u00a0\u00bb{}\u00a0\u00bb][et_pb_row column_structure=\u00a0\u00bb2_5,3_5&Prime; _builder_version=\u00a0\u00bb4.17.2&Prime; _module_preset=\u00a0\u00bbdefault\u00a0\u00bb global_colors_info=\u00a0\u00bb{}\u00a0\u00bb][et_pb_column type=\u00a0\u00bb2_5&Prime; _builder_version=\u00a0\u00bb4.17.2&Prime; _module_preset=\u00a0\u00bbdefault\u00a0\u00bb global_colors_info=\u00a0\u00bb{}\u00a0\u00bb][et_pb_image src=\u00a0\u00bbhttp:\/\/musique-en-perigord.fr\/wp-content\/uploads\/2022\/02\/STRADIVARIA-Octuor-C-Jardin-Credit-Sebastien-Carles-scaled.jpg\u00a0\u00bb alt=\u00a0\u00bbEnsemble Stradivaria\u00a0\u00bb title_text=\u00a0\u00bbSTRADIVARIA &#8211; Octuor C Jardin Cr\u00e9dit S\u00e9bastien Carles\u00a0\u00bb _builder_version=\u00a0\u00bb4.17.2&Prime; _module_preset=\u00a0\u00bbdefault\u00a0\u00bb global_colors_info=\u00a0\u00bb{}\u00a0\u00bb][\/et_pb_image][et_pb_text _builder_version=\u00a0\u00bb4.17.2&Prime; _module_preset=\u00a0\u00bbdefault\u00a0\u00bb global_colors_info=\u00a0\u00bb{}\u00a0\u00bb]<\/p>\n<p><strong>Dirig\u00e9 par le violoniste Daniel Cuiller depuis sa cr\u00e9ation en 1987, Stradivaria &#8211; Ensemble Baroque de Nantes explore la musique des grands compositeurs de l&rsquo;\u00e9poque baroque sur instruments anciens, en menant une r\u00e9flexion sur les crit\u00e8res historiques de l&rsquo;interpr\u00e9tation musicale.<\/strong><\/p>\n<p><strong>Avec l&rsquo;arriv\u00e9e en 2020 de Guillaume Cuiller, hautbo\u00efste, en tant que Directeur Artistique Associ\u00e9, Stradivaria s&rsquo;ouvre aussi \u00e0 un r\u00e9pertoire plus tardif, jusqu&rsquo;au 19\u00e8me si\u00e8cle. <br \/><\/strong><\/p>\n<p><strong><\/strong><\/p>\n<p><strong><\/strong><\/p>\n<p><strong><\/strong><\/p>\n<p><strong><\/strong><\/p>\n<p><strong><\/strong><\/p>\n<p><em>Stradivaria re\u00e7oit le soutien de l\u2019Etat-Pr\u00e9fet de la r\u00e9gion Pays de la Loire, de la R\u00e9gion des Pays de la Loire, de la Ville de Nantes et du Conseil D\u00e9partemental de Loire-Atlantique\u00a0\u00bb<\/em><\/p>\n<p><em>Le Cr\u00e9dit Mutuel Loire-Atlantique Centre-Ouest et les agences de Chantenay, Contrie et St Clair, La soci\u00e9t\u00e9 Yanet, Virage Group, Ferri Gestion, l\u2019H\u00f4tel Astoria, Desevedavy Musique, BAC Audit Conseil sont membres de \u00ab Continuo \u00bb, Club d\u2019entreprise de Stradivaria.<\/em><\/p>\n<p><em>Stradivaria est membre de la F\u00e9d\u00e9ration des Ensembles Vocaux et Instrumentaux Sp\u00e9cialis\u00e9s (FEVIS), du PROFEDIM et du CNM.<\/em><\/p>\n<p><em>La Spedidam soutient la saison 2022 de Stradivaria.<\/em><\/p>\n<p><strong><\/strong><\/p>\n<p>[\/et_pb_text][\/et_pb_column][et_pb_column type=\u00a0\u00bb3_5&Prime; _builder_version=\u00a0\u00bb4.17.2&Prime; _module_preset=\u00a0\u00bbdefault\u00a0\u00bb global_colors_info=\u00a0\u00bb{}\u00a0\u00bb][et_pb_text _builder_version=\u00a0\u00bb4.17.2&Prime; _module_preset=\u00a0\u00bbdefault\u00a0\u00bb global_colors_info=\u00a0\u00bb{}\u00a0\u00bb]<\/p>\n<blockquote>\n<p><span class=\"markedContent\" id=\"page11R_mcid16\"><span style=\"left: 99.2959px; top: 416.452px; font-size: 25.021px; font-family: sans-serif; transform: scaleX(0.783845);\" role=\"presentation\" dir=\"ltr\">Ensemble Stradivaria\/Guillaume Cuiller<\/span><\/span><span class=\"markedContent\" id=\"page11R_mcid17\"><\/span><\/p>\n<p style=\"text-align: justify;\"><span class=\"markedContent\" id=\"page11R_mcid17\"><br role=\"presentation\" \/><\/span><span class=\"markedContent\"><span style=\"left: 261.796px; top: 1110.1px; font-size: 18.1652px; font-family: sans-serif; transform: scaleX(0.836103);\" role=\"presentation\" dir=\"ltr\"><\/span><\/span><\/p>\n<p>&nbsp;<\/p>\n<p>&nbsp;<\/p>\n<p>Depuis sa cr\u00e9ation, le projet de Stradivaria s\u2019articule autour des recherches de Daniel Cuiller, notamment sur la musique baroque fran\u00e7aise. Ce travail est naturellement illustr\u00e9 par de nombreux enregistrements salu\u00e9s par la critique internationale.<\/p>\n<p>Le disque de <em>Simphonies pour le Festin Royal du Comte d\u2019Artois<\/em>\u00a0de Fran\u00e7ois Francoeur en 2001 re\u00e7oit ffff de T\u00e9l\u00e9rama. Des recherches \u00e0 la Biblioth\u00e8que Nationale m\u00e8nent \u00e0 la cr\u00e9ation mondiale de la trag\u00e9die lyrique <em>Pirame et Thisb\u00e9<\/em>\u00a0(Rebel &amp; Francoeur) avec Angers Nantes Op\u00e9ra en 2007. Ce disque est r\u00e9compens\u00e9 par ffff de T\u00e9l\u00e9rama et le \u00ab\u00a0Choix\u00a0\u00bb de France Musique.<\/p>\n<p>\u200bLa cr\u00e9ation du <em>Te Deum pour les Victoires de Louis XV<\/em>\u00a0de Henry Madin, enregistr\u00e9 \u00e0 la Chapelle Royale de Versailles obtient un Clic de Classiquenews, un Choc de Classica et ffff T\u00e9l\u00e9rama en 2016. En 2018, Daniel Cuiller poursuit ce travail au Ch\u00e2teau de Versailles avec les Te Deum de Blanchard &amp; Blamont, disque r\u00e9compens\u00e9 par 5 diapasons.<\/p>\n<p>\u00a0Stradivaria collabore \u00e9galement avec des solistes de renom et enregistre en 2009 les <em>Concertos pour clavecin<\/em>\u00a0de J.S. Bach avec Bertrand Cuiller, disque qui re\u00e7oit le Choc Classica 2009 ainsi que le fameux Critic\u2019s Choice du magazine britannique Gramophone. Pour le bicentenaire de la disparition du compositeur Jean-Louis Duport en 2017, Stradivaria enregistre trois de ses <em>Concertos pour Violoncelle<\/em> avec Rapha\u00ebl Pidoux, honorant ce dandy virtuose qui, \u00e0 l\u2019aube du Romantisme, a offert \u00e0 l\u2019\u00e9cole fran\u00e7aise du violoncelle un recueil de concertos tout en charme et en \u00e9l\u00e9gance.<\/p>\n<p>Aujourd&rsquo;hui, Guillaume Cuiller propose d&rsquo;explorer de nouveaux r\u00e9pertoires plus tardifs, toujours dans une d\u00e9marche \u00ab\u00a0historiquement inform\u00e9e\u00a0\u00bb.<\/p>\n<p>D\u00e8s l&rsquo;\u00e9t\u00e9 2021, Stradivaria a pr\u00e9sent\u00e9 en tourn\u00e9e le nouveau programme <em>S\u00e9r\u00e9nades d&rsquo;\u00c9t\u00e9<\/em>\u00a0abordant le r\u00e9pertoire original pour Octuor \u00e0 vent au tournant des 18<sup>e<\/sup> et 19<sup>e<\/sup> si\u00e8cles.<\/p>\n<p>En dehors de son action permanente de diffusion en Pays de la Loire et \u00e0 Nantes, Stradivaria se produit en France comme \u00e0 l\u2019international. Parmi les partenaires, citons La Folle Journ\u00e9e (Nantes, Tokyo, Kanazawa), la Cit\u00e9 des Congr\u00e8s de Nantes, Ch\u00e2teau de Versailles Spectacles, l&rsquo;Abbaye Royale de\u00a0Fontevraud, le Mont St Michel, les festivals de Sabl\u00e9, des Abbayes en Lorraine, Les Nuits Musicales d\u2019Uz\u00e8s, St John\u2019s Smith Square, etc. L\u2019ensemble est souvent invit\u00e9 au Qu\u00e9bec, en Belgique, au Portugal, sur de nombreuses sc\u00e8nes d\u2019Asie (Japon, Chine&#8230;) et se produit en tourn\u00e9e dans le cadre des r\u00e9seaux culturels fran\u00e7ais \u00e0 l\u2019\u00e9tranger. La derni\u00e8re cr\u00e9ation autour de la <em>Messe en Fa<\/em> de Francisco Antonio de Almeida est labellis\u00e9e dans le cadre de la saison crois\u00e9e France-Portugal 2022 de l\u2019Institut Fran\u00e7ais.<\/p>\n<p>Stradivaria compte parmi ses musiciens de nombreux p\u00e9dagogues anim\u00e9s par l\u2019envie de transmettre leurs connaissances et de partager leur exp\u00e9rience. L&rsquo;Ensemble d\u00e9veloppe des actions de partenariat en direction des plus jeunes avec le Fonds de Dotation pour le d\u00e9veloppement culturel de la Folle Journ\u00e9e et le Rectorat de l\u2019Acad\u00e9mie de Nantes. Stradivaria s&rsquo;implique aussi aupr\u00e8s des publics \u00ab\u00a0emp\u00each\u00e9s\u00a0\u00bb : EHPAD et structures accueillant des personnes en difficult\u00e9 ou en situation de handicap.\u00a0<\/p>\n<p>Depuis 2015, Stradivaria organise le Concours International de Musique Ancienne du Val de Loire, destin\u00e9 aux jeunes ensembles instrumentaux interpr\u00e9tant le r\u00e9pertoire des 17e et 18e si\u00e8cles sur instruments d\u2019\u00e9poque. Ce concours est devenu un v\u00e9ritable tremplin favorisant les \u00e9changes et la transmission interg\u00e9n\u00e9rationnelle.<\/p>\n<p>&nbsp;<\/p>\n<p style=\"text-align: justify;\"><span class=\"markedContent\" id=\"page15R_mcid54\"><span style=\"left: 261.796px; top: 1110.1px; font-size: 18.1652px; font-family: sans-serif; transform: scaleX(0.836103);\" role=\"presentation\" dir=\"ltr\">\u00a0<\/span><\/span><\/p>\n<\/blockquote>\n<p>[\/et_pb_text][\/et_pb_column][\/et_pb_row][\/et_pb_section][et_pb_section fb_built=\u00a0\u00bb1&Prime; _builder_version=\u00a0\u00bb4.16&Prime; _module_preset=\u00a0\u00bbdefault\u00a0\u00bb custom_margin=\u00a0\u00bb||-28px|||\u00a0\u00bb custom_padding=\u00a0\u00bb0px|||||\u00a0\u00bb global_colors_info=\u00a0\u00bb{}\u00a0\u00bb][et_pb_row column_structure=\u00a0\u00bb1_2,1_2&Prime; _builder_version=\u00a0\u00bb4.16&Prime; _module_preset=\u00a0\u00bbdefault\u00a0\u00bb custom_padding=\u00a0\u00bb0px||0px|||\u00a0\u00bb global_colors_info=\u00a0\u00bb{}\u00a0\u00bb][et_pb_column type=\u00a0\u00bb1_2&Prime; _builder_version=\u00a0\u00bb4.17.2&Prime; _module_preset=\u00a0\u00bbdefault\u00a0\u00bb global_colors_info=\u00a0\u00bb{}\u00a0\u00bb][et_pb_text _builder_version=\u00a0\u00bb4.17.2&Prime; _module_preset=\u00a0\u00bbdefault\u00a0\u00bb global_colors_info=\u00a0\u00bb{}\u00a0\u00bb]<\/p>\n<p><span style=\"font-family: inherit; font-weight: normal; font-size: large;\"><span class=\"markedContent\" id=\"page11R_mcid13\"><span style=\"left: 99.2959px; top: 317.026px; transform: scaleX(0.855289);\" role=\"presentation\" dir=\"ltr\">S\u00e9r\u00e9nades d&rsquo;\u00e9t\u00e9 aborde le r\u00e9pertoire original pour<br \/>octuor \u00e0 vent. Dans la seconde moiti\u00e9 du 18e si\u00e8cle, \u00e0 Vienne, les ensembles d&rsquo;instruments \u00e0 vent sont extr\u00eamement populaires et jouent pour des divertissements lors de concerts en plein air. L&rsquo;Empereur lui-m\u00eame constitue en 1782 l&rsquo;Harmonie Imp\u00e9riale, un octuor \u00e0 vent form\u00e9 des plus grands virtuoses de l&rsquo;\u00e9poque.<br \/>Tous les compositeurs \u00e9crivent alors pour ces<br \/>formations \u00e0 la mode, et nous ont laiss\u00e9 quelques<br \/>chefs-d&rsquo;oeuvre.<\/span><\/span><\/span><\/p>\n<p>[\/et_pb_text][\/et_pb_column][et_pb_column type=\u00a0\u00bb1_2&Prime; _builder_version=\u00a0\u00bb4.16&Prime; _module_preset=\u00a0\u00bbdefault\u00a0\u00bb global_colors_info=\u00a0\u00bb{}\u00a0\u00bb][et_pb_text _builder_version=\u00a0\u00bb4.17.2&Prime; _module_preset=\u00a0\u00bbdefault\u00a0\u00bb inline_fonts=\u00a0\u00bbAbel\u00a0\u00bb global_colors_info=\u00a0\u00bb{}\u00a0\u00bb]<\/p>\n<p class=\"western\" style=\"line-height: 100%; margin-bottom: 0cm; text-align: justify;\">\n<p class=\"western\" style=\"line-height: 100%; margin-bottom: 0cm; text-align: justify;\">\n<p style=\"text-align: justify;\"><span class=\"markedContent\" id=\"page11R_mcid1\"><span style=\"left: 99.2959px; top: 121.808px; font-size: 25.0085px; font-family: sans-serif; transform: scaleX(0.766461);\" role=\"presentation\" dir=\"ltr\">LE PROGRAMME<\/span><\/span><span class=\"markedContent\" id=\"page11R_mcid2\"><\/span><span class=\"markedContent\" id=\"page11R_mcid3\"><\/span><\/p>\n<p style=\"text-align: justify;\"><span class=\"markedContent\" id=\"page11R_mcid3\"><br role=\"presentation\" \/><\/span><span style=\"font-family: inherit; font-weight: normal; font-size: large;\"><span class=\"markedContent\" id=\"page11R_mcid13\"><span style=\"left: 99.2959px; top: 317.026px; transform: scaleX(0.855289);\" role=\"presentation\" dir=\"ltr\">S\u00e9r\u00e9nade K 375 de W.A. Mozart<br \/>Partita opus 57 de Krommer.<br \/>Arrangements d\u2019op\u00e9ras pour instruments \u00e0 vents,<br \/>dont la c\u00e9l\u00e8bre Fl\u00fbte enchant\u00e9e.<\/span><\/span><\/span><\/p>\n<p>&nbsp;<\/p>\n<p class=\"western\" style=\"line-height: 100%; margin-bottom: 0cm;\">\n<p>[\/et_pb_text][\/et_pb_column][\/et_pb_row][et_pb_row _builder_version=\u00a0\u00bb4.16&Prime; _module_preset=\u00a0\u00bbdefault\u00a0\u00bb global_colors_info=\u00a0\u00bb{}\u00a0\u00bb][et_pb_column type=\u00a0\u00bb4_4&Prime; _builder_version=\u00a0\u00bb4.16&Prime; _module_preset=\u00a0\u00bbdefault\u00a0\u00bb global_colors_info=\u00a0\u00bb{}\u00a0\u00bb][et_pb_cta title=\u00a0\u00bbVos billets en ligne\u00a0\u00bb button_url=\u00a0\u00bbhttps:\/\/www.billetweb.fr\/ensemble-stradivaria\u00a0\u00bb url_new_window=\u00a0\u00bbon\u00a0\u00bb button_text=\u00a0\u00bbCliquez ici\u00a0\u00bb _builder_version=\u00a0\u00bb4.17.2&Prime; _module_preset=\u00a0\u00bbdefault\u00a0\u00bb background_color=\u00a0\u00bb#E02B20&Prime; global_colors_info=\u00a0\u00bb{}\u00a0\u00bb]<\/p>\n<p><a href=\"https:\/\/www.billetweb.fr\/ensemble-stradivaria\" target=\"_blank\" rel=\"noopener\" title=\"Concert de l'ensmble Stradivaria\">\u00a0<span style=\"color: #ffffff;\">Concert de l&rsquo;ensemble Stradivaria\/Guillaume Cuiller le 27 juillet 2022, 21h dans le parc du ch\u00e2teau de Campagne<\/span><\/a><\/p>\n<p>[\/et_pb_cta][\/et_pb_column][\/et_pb_row][\/et_pb_section][et_pb_section fb_built=\u00a0\u00bb1&Prime; _builder_version=\u00a0\u00bb4.16&Prime; _module_preset=\u00a0\u00bbdefault\u00a0\u00bb custom_padding=\u00a0\u00bb0px||0px|||\u00a0\u00bb global_colors_info=\u00a0\u00bb{}\u00a0\u00bb][et_pb_row column_structure=\u00a0\u00bb1_6,1_6,1_6,1_6,1_6,1_6&Prime; _builder_version=\u00a0\u00bb4.17.4&Prime; _module_preset=\u00a0\u00bbdefault\u00a0\u00bb global_colors_info=\u00a0\u00bb{}\u00a0\u00bb][et_pb_column type=\u00a0\u00bb1_6&Prime; _builder_version=\u00a0\u00bb4.17.4&Prime; _module_preset=\u00a0\u00bbdefault\u00a0\u00bb global_colors_info=\u00a0\u00bb{}\u00a0\u00bb][et_pb_cta title=\u00a0\u00bbVos billets en ligne\u00a0\u00bb button_url=\u00a0\u00bbhttps:\/\/www.billetweb.fr\/yolanda-fresedo-tango\u00a0\u00bb url_new_window=\u00a0\u00bbon\u00a0\u00bb button_text=\u00a0\u00bbCliquez ici\u00a0\u00bb _builder_version=\u00a0\u00bb4.17.4&Prime; _module_preset=\u00a0\u00bbdefault\u00a0\u00bb background_color=\u00a0\u00bb#E02B20&Prime; custom_padding=\u00a0\u00bb|0px||5px||\u00a0\u00bb global_colors_info=\u00a0\u00bb{}\u00a0\u00bb]<\/p>\n<p><span style=\"color: #ffffff;\"><a href=\"https:\/\/www.billetweb.fr\/yolanda-fresedo-tango\" target=\"_blank\" rel=\"noopener\" style=\"color: #ffffff;\">Concert Yolanda Fresedo le 20 juillet 2022<\/a><\/span><\/p>\n<p>[\/et_pb_cta][\/et_pb_column][et_pb_column type=\u00a0\u00bb1_6&Prime; _builder_version=\u00a0\u00bb4.17.4&Prime; _module_preset=\u00a0\u00bbdefault\u00a0\u00bb global_colors_info=\u00a0\u00bb{}\u00a0\u00bb][et_pb_cta title=\u00a0\u00bbVos billets en ligne\u00a0\u00bb button_url=\u00a0\u00bbhttps:\/\/www.billetweb.fr\/trio-ernest\u00a0\u00bb url_new_window=\u00a0\u00bbon\u00a0\u00bb button_text=\u00a0\u00bbCliquez ici\u00a0\u00bb _builder_version=\u00a0\u00bb4.16&Prime; _module_preset=\u00a0\u00bbdefault\u00a0\u00bb background_color=\u00a0\u00bb#E02B20&Prime; custom_padding=\u00a0\u00bb|5px||7px||\u00a0\u00bb global_colors_info=\u00a0\u00bb{}\u00a0\u00bb]<\/p>\n<p><a href=\"https:\/\/www.billetweb.fr\/trio-ernest\"><span style=\"color: #ffffff;\">Concert du trio Ernest le 21 juillet 2022<\/span><\/a><\/p>\n<p>[\/et_pb_cta][\/et_pb_column][et_pb_column type=\u00a0\u00bb1_6&Prime; _builder_version=\u00a0\u00bb4.17.4&Prime; _module_preset=\u00a0\u00bbdefault\u00a0\u00bb global_colors_info=\u00a0\u00bb{}\u00a0\u00bb][et_pb_cta title=\u00a0\u00bbVos billets en ligne\u00a0\u00bb button_url=\u00a0\u00bbhttps:\/\/www.billetweb.fr\/paolo-zanzu\u00a0\u00bb url_new_window=\u00a0\u00bbon\u00a0\u00bb button_text=\u00a0\u00bbCliquez ici\u00a0\u00bb _builder_version=\u00a0\u00bb4.16&Prime; _module_preset=\u00a0\u00bbdefault\u00a0\u00bb background_color=\u00a0\u00bb#E02B20&Prime; width=\u00a0\u00bb100%\u00a0\u00bb custom_padding=\u00a0\u00bb|5px||8px||\u00a0\u00bb global_colors_info=\u00a0\u00bb{}\u00a0\u00bb]<\/p>\n<p><span style=\"color: #ffffff;\"><a href=\"https:\/\/www.billetweb.fr\/paolo-zanzu\" style=\"color: #ffffff;\">Concert Paolo Zanzu le 25 juillet 2022<\/a><\/span><\/p>\n<p>[\/et_pb_cta][\/et_pb_column][et_pb_column type=\u00a0\u00bb1_6&Prime; _builder_version=\u00a0\u00bb4.17.4&Prime; _module_preset=\u00a0\u00bbdefault\u00a0\u00bb global_colors_info=\u00a0\u00bb{}\u00a0\u00bb][et_pb_cta title=\u00a0\u00bbVos billets en ligne\u00a0\u00bb button_url=\u00a0\u00bbhttp:\/\/billetweb.fr\/les-petits-genies-de-la-musique\u00a0\u00bb url_new_window=\u00a0\u00bbon\u00a0\u00bb button_text=\u00a0\u00bbCliquez ici\u00a0\u00bb _builder_version=\u00a0\u00bb4.17.2&Prime; _module_preset=\u00a0\u00bbdefault\u00a0\u00bb background_color=\u00a0\u00bb#E02B20&Prime; min_height=\u00a0\u00bb173.6px\u00a0\u00bb custom_margin=\u00a0\u00bb1px|||||\u00a0\u00bb custom_padding=\u00a0\u00bb|0px|41px|5px||\u00a0\u00bb link_option_url_new_window=\u00a0\u00bbon\u00a0\u00bb global_colors_info=\u00a0\u00bb{}\u00a0\u00bb]<\/p>\n<p><a href=\"billetweb.fr\/les-petits-genies-de-la-musique\" target=\"_blank\" rel=\"noopener\" title=\"Les petits g\u00e9nies de la musique\"><span style=\"color: #ffffff;\"><span style=\"font-size: x-small;\"><\/span><\/span><\/a><span style=\"color: #ffffff;\"><a href=\"billetweb.fr\/les-petits-genies-de-la-musique\" target=\"_blank\" rel=\"noopener\" title=\"Les petits g\u00e9nies de la musique\" style=\"color: #ffffff;\">\u00ab\u00a0Les petits g\u00e9nies de la musique\u00a0\u00bb<\/a><\/span> Concert jeune public le 28 juillet 2022<\/p>\n<p>[\/et_pb_cta][\/et_pb_column][et_pb_column type=\u00a0\u00bb1_6&Prime; _builder_version=\u00a0\u00bb4.17.4&Prime; _module_preset=\u00a0\u00bbdefault\u00a0\u00bb global_colors_info=\u00a0\u00bb{}\u00a0\u00bb][et_pb_cta title=\u00a0\u00bbVos billets en ligne\u00a0\u00bb button_url=\u00a0\u00bbhttps:\/\/www.billetweb.fr\/ensemble-stradivaria\u00a0\u00bb url_new_window=\u00a0\u00bbon\u00a0\u00bb button_text=\u00a0\u00bbCliquez ici\u00a0\u00bb _builder_version=\u00a0\u00bb4.17.2&Prime; _module_preset=\u00a0\u00bbdefault\u00a0\u00bb background_color=\u00a0\u00bb#E02B20&Prime; custom_padding=\u00a0\u00bb|3px||9px||\u00a0\u00bb global_colors_info=\u00a0\u00bb{}\u00a0\u00bb]<\/p>\n<p><span style=\"color: #ffffff;\"><a href=\"https:\/\/www.billetweb.fr\/ensemble-stradivaria\" target=\"_blank\" rel=\"noopener\" title=\"Stradivaria\" style=\"color: #ffffff;\">Concert de l&rsquo;ensemble Stradivaria le 27 juillet 2022<\/a><\/span><\/p>\n<p>[\/et_pb_cta][\/et_pb_column][et_pb_column type=\u00a0\u00bb1_6&Prime; _builder_version=\u00a0\u00bb4.17.4&Prime; _module_preset=\u00a0\u00bbdefault\u00a0\u00bb global_colors_info=\u00a0\u00bb{}\u00a0\u00bb][et_pb_cta title=\u00a0\u00bbVos billets en ligne\u00a0\u00bb button_url=\u00a0\u00bbhttps:\/\/www.billetweb.fr\/ensemble-baroque-de-toulouse\u00a0\u00bb url_new_window=\u00a0\u00bbon\u00a0\u00bb button_text=\u00a0\u00bbCliquez ici\u00a0\u00bb _builder_version=\u00a0\u00bb4.16&Prime; _module_preset=\u00a0\u00bbdefault\u00a0\u00bb background_color=\u00a0\u00bb#E02B20&Prime; min_height=\u00a0\u00bb237.6px\u00a0\u00bb custom_padding=\u00a0\u00bb37px|4px||6px||\u00a0\u00bb global_colors_info=\u00a0\u00bb{}\u00a0\u00bb]<\/p>\n<p><a href=\"https:\/\/www.billetweb.fr\/ensemble-baroque-de-toulouse\"><span style=\"color: #ffffff;\">Concert de l&rsquo;Ensemble Baroque de Toulouse le 29 juillet 2022<\/span><\/a><\/p>\n<p>[\/et_pb_cta][\/et_pb_column][\/et_pb_row][\/et_pb_section][et_pb_section fb_built=\u00a0\u00bb1&Prime; _builder_version=\u00a0\u00bb4.16&Prime; _module_preset=\u00a0\u00bbdefault\u00a0\u00bb global_colors_info=\u00a0\u00bb{}\u00a0\u00bb][et_pb_row column_structure=\u00a0\u00bb1_2,1_2&Prime; _builder_version=\u00a0\u00bb4.17.2&Prime; _module_preset=\u00a0\u00bbdefault\u00a0\u00bb custom_padding=\u00a0\u00bb3px|||||\u00a0\u00bb global_colors_info=\u00a0\u00bb{}\u00a0\u00bb][et_pb_column type=\u00a0\u00bb1_2&Prime; _builder_version=\u00a0\u00bb4.16&Prime; _module_preset=\u00a0\u00bbdefault\u00a0\u00bb global_colors_info=\u00a0\u00bb{}\u00a0\u00bb][et_pb_text _builder_version=\u00a0\u00bb4.17.2&Prime; _module_preset=\u00a0\u00bbdefault\u00a0\u00bb global_colors_info=\u00a0\u00bb{}\u00a0\u00bb]<\/p>\n<p><strong><span class=\"S1PPyQ\" style=\"font-style: normal; color: #000000; text-decoration: none;\">Le parc du ch\u00e2teau de Campagne<br \/><\/span><\/strong><\/p>\n<p><span class=\"S1PPyQ\" style=\"font-weight: 400; font-style: normal; color: #000000; text-decoration: none; font-size: large;\">Les lieux sont habit\u00e9s depuis plus de 5000 ans. Le village actuel est construit autour d\u2019un ch\u00e2teau et de son magnifique parc, o\u00f9 se tiendra le concert.<\/span><\/p>\n<p>[\/et_pb_text][\/et_pb_column][et_pb_column type=\u00a0\u00bb1_2&Prime; _builder_version=\u00a0\u00bb4.16&Prime; _module_preset=\u00a0\u00bbdefault\u00a0\u00bb global_colors_info=\u00a0\u00bb{}\u00a0\u00bb][et_pb_image src=\u00a0\u00bbhttp:\/\/musique-en-perigord.fr\/wp-content\/uploads\/2022\/04\/20190915_110919-scaled.jpg\u00a0\u00bb alt=\u00a0\u00bbCh\u00e2teau de Campagne\u00a0\u00bb title_text=\u00a0\u00bbCh\u00e2teau de Campagne\u00a0\u00bb _builder_version=\u00a0\u00bb4.17.2&Prime; _module_preset=\u00a0\u00bbdefault\u00a0\u00bb width=\u00a0\u00bb75%\u00a0\u00bb max_width=\u00a0\u00bb96%\u00a0\u00bb module_alignment=\u00a0\u00bbright\u00a0\u00bb global_colors_info=\u00a0\u00bb{}\u00a0\u00bb][\/et_pb_image][\/et_pb_column][\/et_pb_row][\/et_pb_section][et_pb_section fb_built=\u00a0\u00bb1&Prime; _builder_version=\u00a0\u00bb4.16&Prime; _module_preset=\u00a0\u00bbdefault\u00a0\u00bb saved_tabs=\u00a0\u00bball\u00a0\u00bb global_colors_info=\u00a0\u00bb{}\u00a0\u00bb][et_pb_row column_structure=\u00a0\u00bb1_4,1_4,1_4,1_4&Prime; use_custom_gutter=\u00a0\u00bbon\u00a0\u00bb gutter_width=\u00a0\u00bb1&Prime; _builder_version=\u00a0\u00bb4.16&Prime; _module_preset=\u00a0\u00bbdefault\u00a0\u00bb width=\u00a0\u00bb90%\u00a0\u00bb custom_padding=\u00a0\u00bb0px||||false|false\u00a0\u00bb global_colors_info=\u00a0\u00bb{}\u00a0\u00bb][et_pb_column type=\u00a0\u00bb1_4&Prime; _builder_version=\u00a0\u00bb4.16&Prime; _module_preset=\u00a0\u00bbdefault\u00a0\u00bb custom_padding=\u00a0\u00bb30px|30px|30px|30px|true|true\u00a0\u00bb global_colors_info=\u00a0\u00bb{}\u00a0\u00bb][et_pb_text _builder_version=\u00a0\u00bb4.16&Prime; _module_preset=\u00a0\u00bb7881ab5e-a97a-4c4b-9080-7f7a75e3a6bb\u00a0\u00bb header_font=\u00a0\u00bb||||||||\u00a0\u00bb header_4_font=\u00a0\u00bbMulish|700|||||||\u00a0\u00bb header_4_text_color=\u00a0\u00bb#000000&Prime; header_4_line_height=\u00a0\u00bb1.6em\u00a0\u00bb custom_margin=\u00a0\u00bb||10px||false|false\u00a0\u00bb header_4_font_size_tablet=\u00a0\u00bb16px\u00a0\u00bb header_4_font_size_phone=\u00a0\u00bb14px\u00a0\u00bb header_4_font_size_last_edited=\u00a0\u00bbon|tablet\u00a0\u00bb locked=\u00a0\u00bboff\u00a0\u00bb global_colors_info=\u00a0\u00bb{}\u00a0\u00bb]<\/p>\n<h4>Musique en P\u00e9rigord<\/h4>\n<p>[\/et_pb_text][et_pb_text _builder_version=\u00a0\u00bb4.16&Prime; _module_preset=\u00a0\u00bbf0cf31b9-b2e7-4752-a57c-6e2f73347b36&Prime; text_font=\u00a0\u00bbMulish|500|||||||\u00a0\u00bb text_text_color=\u00a0\u00bb#000000&Prime; text_font_size=\u00a0\u00bb16px\u00a0\u00bb text_line_height=\u00a0\u00bb1.8em\u00a0\u00bb link_text_color=\u00a0\u00bb#000000&Prime; custom_margin=\u00a0\u00bb||10px||false|false\u00a0\u00bb custom_margin_last_edited=\u00a0\u00bboff|desktop\u00a0\u00bb link_option_url=\u00a0\u00bbhttp:\/\/musique-en-perigord.fr\/festival-2022&Prime; text_font_size_tablet=\u00a0\u00bb15px\u00a0\u00bb text_font_size_phone=\u00a0\u00bb14px\u00a0\u00bb text_font_size_last_edited=\u00a0\u00bbon|phone\u00a0\u00bb header_font_size_tablet=\u00a0\u00bb55px\u00a0\u00bb header_font_size_last_edited=\u00a0\u00bboff|desktop\u00a0\u00bb locked=\u00a0\u00bboff\u00a0\u00bb global_colors_info=\u00a0\u00bb{}\u00a0\u00bb]<\/p>\n<p><a href=\"http:\/\/musique-en-perigord.fr\/festival-2022\">Festival 2022<\/a><\/p>\n<p>[\/et_pb_text][et_pb_text _builder_version=\u00a0\u00bb4.17.2&Prime; _module_preset=\u00a0\u00bbf0cf31b9-b2e7-4752-a57c-6e2f73347b36&Prime; text_font=\u00a0\u00bbMulish|500|||||||\u00a0\u00bb text_text_color=\u00a0\u00bb#000000&Prime; text_font_size=\u00a0\u00bb16px\u00a0\u00bb text_line_height=\u00a0\u00bb1.8em\u00a0\u00bb link_text_color=\u00a0\u00bb#000000&Prime; custom_margin=\u00a0\u00bb||10px||false|false\u00a0\u00bb link_option_url=\u00a0\u00bbhttp:\/\/musique-en-perigord.fr\/les-4-saisons-du-festival\/\u00a0\u00bb link_option_url_new_window=\u00a0\u00bbon\u00a0\u00bb text_font_size_tablet=\u00a0\u00bb15px\u00a0\u00bb text_font_size_phone=\u00a0\u00bb14px\u00a0\u00bb text_font_size_last_edited=\u00a0\u00bbon|phone\u00a0\u00bb header_font_size_tablet=\u00a0\u00bb55px\u00a0\u00bb header_font_size_last_edited=\u00a0\u00bboff|desktop\u00a0\u00bb locked=\u00a0\u00bboff\u00a0\u00bb global_colors_info=\u00a0\u00bb{}\u00a0\u00bb]<\/p>\n<p><a href=\"http:\/\/musique-en-perigord.fr\/les-4-saisons-du-festival\/\" target=\"_blank\" rel=\"noopener\" title=\"Les 4 saisons du festival\">Les 4 saisons du festival<\/a><\/p>\n<p>[\/et_pb_text][et_pb_text _builder_version=\u00a0\u00bb4.16&Prime; _module_preset=\u00a0\u00bbf0cf31b9-b2e7-4752-a57c-6e2f73347b36&Prime; text_font=\u00a0\u00bbMulish|500|||||||\u00a0\u00bb text_text_color=\u00a0\u00bb#000000&Prime; text_font_size=\u00a0\u00bb16px\u00a0\u00bb text_line_height=\u00a0\u00bb1.8em\u00a0\u00bb link_text_color=\u00a0\u00bb#000000&Prime; custom_margin=\u00a0\u00bb||10px||false|false\u00a0\u00bb link_option_url=\u00a0\u00bbhttp:\/\/musique-en-perigord.fr\/partenaires\u00a0\u00bb text_font_size_tablet=\u00a0\u00bb15px\u00a0\u00bb text_font_size_phone=\u00a0\u00bb14px\u00a0\u00bb text_font_size_last_edited=\u00a0\u00bbon|phone\u00a0\u00bb header_font_size_tablet=\u00a0\u00bb55px\u00a0\u00bb header_font_size_last_edited=\u00a0\u00bboff|desktop\u00a0\u00bb locked=\u00a0\u00bboff\u00a0\u00bb global_colors_info=\u00a0\u00bb{}\u00a0\u00bb]<\/p>\n<p><a href=\"http:\/\/musique-en-perigord.fr\/partenaires\">Partenaires<\/a><\/p>\n<p>[\/et_pb_text][et_pb_text _builder_version=\u00a0\u00bb4.16&Prime; _module_preset=\u00a0\u00bbf0cf31b9-b2e7-4752-a57c-6e2f73347b36&Prime; text_font=\u00a0\u00bbMulish|500|||||||\u00a0\u00bb text_text_color=\u00a0\u00bb#000000&Prime; text_font_size=\u00a0\u00bb16px\u00a0\u00bb text_line_height=\u00a0\u00bb1.8em\u00a0\u00bb link_text_color=\u00a0\u00bb#000000&Prime; custom_margin=\u00a0\u00bb||10px||false|false\u00a0\u00bb link_option_url=\u00a0\u00bbhttp:\/\/musique-en-perigord.fr\/presse\u00a0\u00bb text_font_size_tablet=\u00a0\u00bb15px\u00a0\u00bb text_font_size_phone=\u00a0\u00bb14px\u00a0\u00bb text_font_size_last_edited=\u00a0\u00bbon|phone\u00a0\u00bb header_font_size_tablet=\u00a0\u00bb55px\u00a0\u00bb header_font_size_last_edited=\u00a0\u00bboff|desktop\u00a0\u00bb locked=\u00a0\u00bboff\u00a0\u00bb global_colors_info=\u00a0\u00bb{}\u00a0\u00bb]<\/p>\n<p><a href=\"http:\/\/musique-en-perigord.fr\/presse\">Presse<\/a><\/p>\n<p>[\/et_pb_text][\/et_pb_column][et_pb_column type=\u00a0\u00bb1_4&Prime; _builder_version=\u00a0\u00bb4.16&Prime; _module_preset=\u00a0\u00bbdefault\u00a0\u00bb custom_padding=\u00a0\u00bb30px|30px|30px|30px|true|true\u00a0\u00bb global_colors_info=\u00a0\u00bb{}\u00a0\u00bb][et_pb_text _builder_version=\u00a0\u00bb4.16&Prime; _module_preset=\u00a0\u00bb7881ab5e-a97a-4c4b-9080-7f7a75e3a6bb\u00a0\u00bb header_font=\u00a0\u00bb||||||||\u00a0\u00bb header_4_font=\u00a0\u00bbMulish|700|||||||\u00a0\u00bb header_4_text_color=\u00a0\u00bb#000000&Prime; header_4_line_height=\u00a0\u00bb1.6em\u00a0\u00bb custom_margin=\u00a0\u00bb||10px||false|false\u00a0\u00bb header_4_font_size_tablet=\u00a0\u00bb16px\u00a0\u00bb header_4_font_size_phone=\u00a0\u00bb14px\u00a0\u00bb header_4_font_size_last_edited=\u00a0\u00bbon|tablet\u00a0\u00bb locked=\u00a0\u00bboff\u00a0\u00bb global_colors_info=\u00a0\u00bb{}\u00a0\u00bb]<\/p>\n<h4>Musique ensemble<\/h4>\n<p>[\/et_pb_text][et_pb_text _builder_version=\u00a0\u00bb4.16&Prime; _module_preset=\u00a0\u00bbf0cf31b9-b2e7-4752-a57c-6e2f73347b36&Prime; text_font=\u00a0\u00bbMulish|500|||||||\u00a0\u00bb text_text_color=\u00a0\u00bb#000000&Prime; text_font_size=\u00a0\u00bb16px\u00a0\u00bb text_line_height=\u00a0\u00bb1.8em\u00a0\u00bb link_text_color=\u00a0\u00bb#000000&Prime; custom_margin=\u00a0\u00bb||10px||false|false\u00a0\u00bb custom_margin_last_edited=\u00a0\u00bboff|desktop\u00a0\u00bb link_option_url=\u00a0\u00bbhttp:\/\/musique-en-perigord.fr\/nous-soutenir\u00a0\u00bb text_font_size_tablet=\u00a0\u00bb15px\u00a0\u00bb text_font_size_phone=\u00a0\u00bb14px\u00a0\u00bb text_font_size_last_edited=\u00a0\u00bbon|phone\u00a0\u00bb header_font_size_tablet=\u00a0\u00bb55px\u00a0\u00bb header_font_size_last_edited=\u00a0\u00bboff|desktop\u00a0\u00bb locked=\u00a0\u00bboff\u00a0\u00bb global_colors_info=\u00a0\u00bb{}\u00a0\u00bb]<\/p>\n<p>Soutenez nous<\/p>\n<p>[\/et_pb_text][et_pb_text _builder_version=\u00a0\u00bb4.16&Prime; _module_preset=\u00a0\u00bbf0cf31b9-b2e7-4752-a57c-6e2f73347b36&Prime; text_font=\u00a0\u00bbMulish|500|||||||\u00a0\u00bb text_text_color=\u00a0\u00bb#000000&Prime; text_font_size=\u00a0\u00bb16px\u00a0\u00bb text_line_height=\u00a0\u00bb1.8em\u00a0\u00bb link_text_color=\u00a0\u00bb#000000&Prime; custom_margin=\u00a0\u00bb||10px||false|false\u00a0\u00bb custom_margin_last_edited=\u00a0\u00bboff|desktop\u00a0\u00bb text_font_size_tablet=\u00a0\u00bb15px\u00a0\u00bb text_font_size_phone=\u00a0\u00bb14px\u00a0\u00bb text_font_size_last_edited=\u00a0\u00bbon|phone\u00a0\u00bb header_font_size_tablet=\u00a0\u00bb55px\u00a0\u00bb header_font_size_last_edited=\u00a0\u00bboff|desktop\u00a0\u00bb locked=\u00a0\u00bboff\u00a0\u00bb global_colors_info=\u00a0\u00bb{}\u00a0\u00bb]<\/p>\n<p><a href=\"#\">Contactez nous<\/a><\/p>\n<p><a href=\"http:\/\/musique-en-perigord.fr\/partenaires\">Partenaires<\/a><\/p>\n<p>[\/et_pb_text][\/et_pb_column][et_pb_column type=\u00a0\u00bb1_4&Prime; _builder_version=\u00a0\u00bb4.16&Prime; _module_preset=\u00a0\u00bbdefault\u00a0\u00bb custom_padding=\u00a0\u00bb30px|30px|30px|30px|true|true\u00a0\u00bb global_colors_info=\u00a0\u00bb{}\u00a0\u00bb][et_pb_text _builder_version=\u00a0\u00bb4.16&Prime; _module_preset=\u00a0\u00bb7881ab5e-a97a-4c4b-9080-7f7a75e3a6bb\u00a0\u00bb header_font=\u00a0\u00bb||||||||\u00a0\u00bb header_4_font=\u00a0\u00bbMulish|700|||||||\u00a0\u00bb header_4_text_color=\u00a0\u00bb#000000&Prime; header_4_line_height=\u00a0\u00bb1.6em\u00a0\u00bb custom_margin=\u00a0\u00bb||10px||false|false\u00a0\u00bb header_4_font_size_tablet=\u00a0\u00bb16px\u00a0\u00bb header_4_font_size_phone=\u00a0\u00bb14px\u00a0\u00bb header_4_font_size_last_edited=\u00a0\u00bbon|tablet\u00a0\u00bb locked=\u00a0\u00bboff\u00a0\u00bb global_colors_info=\u00a0\u00bb{}\u00a0\u00bb]<\/p>\n<h4>Le Festival<\/h4>\n<p>[\/et_pb_text][et_pb_text _builder_version=\u00a0\u00bb4.16&Prime; _module_preset=\u00a0\u00bbf0cf31b9-b2e7-4752-a57c-6e2f73347b36&Prime; text_font=\u00a0\u00bbMulish|500|||||||\u00a0\u00bb text_text_color=\u00a0\u00bb#000000&Prime; text_font_size=\u00a0\u00bb16px\u00a0\u00bb text_line_height=\u00a0\u00bb1.8em\u00a0\u00bb link_text_color=\u00a0\u00bb#000000&Prime; custom_margin=\u00a0\u00bb||10px||false|false\u00a0\u00bb custom_margin_last_edited=\u00a0\u00bboff|desktop\u00a0\u00bb text_font_size_tablet=\u00a0\u00bb15px\u00a0\u00bb text_font_size_phone=\u00a0\u00bb14px\u00a0\u00bb text_font_size_last_edited=\u00a0\u00bbon|phone\u00a0\u00bb header_font_size_tablet=\u00a0\u00bb55px\u00a0\u00bb header_font_size_last_edited=\u00a0\u00bboff|desktop\u00a0\u00bb locked=\u00a0\u00bboff\u00a0\u00bb global_colors_info=\u00a0\u00bb{}\u00a0\u00bb]<\/p>\n<p><a href=\"mailto:contact@musique-en-perigord.fr\">contact@musique-en-perigord.fr<\/a><\/p>\n<p>[\/et_pb_text][et_pb_text _builder_version=\u00a0\u00bb4.16&Prime; _module_preset=\u00a0\u00bbf0cf31b9-b2e7-4752-a57c-6e2f73347b36&Prime; text_font=\u00a0\u00bbMulish|500|||||||\u00a0\u00bb text_text_color=\u00a0\u00bb#000000&Prime; text_font_size=\u00a0\u00bb16px\u00a0\u00bb text_line_height=\u00a0\u00bb1.8em\u00a0\u00bb link_text_color=\u00a0\u00bb#000000&Prime; custom_margin=\u00a0\u00bb||10px||false|false\u00a0\u00bb text_font_size_tablet=\u00a0\u00bb15px\u00a0\u00bb text_font_size_phone=\u00a0\u00bb14px\u00a0\u00bb text_font_size_last_edited=\u00a0\u00bbon|phone\u00a0\u00bb header_font_size_tablet=\u00a0\u00bb55px\u00a0\u00bb header_font_size_last_edited=\u00a0\u00bboff|desktop\u00a0\u00bb locked=\u00a0\u00bboff\u00a0\u00bb global_colors_info=\u00a0\u00bb{}\u00a0\u00bb]<\/p>\n<p>+33 553 303 609<\/p>\n<p>[\/et_pb_text][et_pb_text _builder_version=\u00a0\u00bb4.16&Prime; _module_preset=\u00a0\u00bbf0cf31b9-b2e7-4752-a57c-6e2f73347b36&Prime; text_font=\u00a0\u00bbMulish|500|||||||\u00a0\u00bb text_text_color=\u00a0\u00bb#000000&Prime; text_font_size=\u00a0\u00bb16px\u00a0\u00bb text_line_height=\u00a0\u00bb1.8em\u00a0\u00bb link_text_color=\u00a0\u00bb#000000&Prime; custom_margin=\u00a0\u00bb||10px||false|false\u00a0\u00bb text_font_size_tablet=\u00a0\u00bb15px\u00a0\u00bb text_font_size_phone=\u00a0\u00bb14px\u00a0\u00bb text_font_size_last_edited=\u00a0\u00bbon|phone\u00a0\u00bb header_font_size_tablet=\u00a0\u00bb55px\u00a0\u00bb header_font_size_last_edited=\u00a0\u00bboff|desktop\u00a0\u00bb locked=\u00a0\u00bboff\u00a0\u00bb global_colors_info=\u00a0\u00bb{}\u00a0\u00bb]<\/p>\n<p>24260 Audrix, France<\/p>\n<p>&nbsp;<\/p>\n<p>&nbsp;<\/p>\n<p>[\/et_pb_text][\/et_pb_column][et_pb_column type=\u00a0\u00bb1_4&Prime; _builder_version=\u00a0\u00bb4.16&Prime; _module_preset=\u00a0\u00bbdefault\u00a0\u00bb background_color=\u00a0\u00bb#fe4100&Prime; custom_padding=\u00a0\u00bb30px|30px|30px|30px|true|true\u00a0\u00bb global_colors_info=\u00a0\u00bb{}\u00a0\u00bb][et_pb_text _builder_version=\u00a0\u00bb4.16&Prime; _module_preset=\u00a0\u00bb7881ab5e-a97a-4c4b-9080-7f7a75e3a6bb\u00a0\u00bb header_font=\u00a0\u00bb||||||||\u00a0\u00bb header_4_font=\u00a0\u00bbMulish|700|||||||\u00a0\u00bb header_4_text_color=\u00a0\u00bb#000000&Prime; header_4_font_size=\u00a0\u00bb24px\u00a0\u00bb header_4_line_height=\u00a0\u00bb1.6em\u00a0\u00bb custom_margin=\u00a0\u00bb||10px||false|false\u00a0\u00bb link_option_url=\u00a0\u00bbhttp:\/\/musique-en-perigord.fr\/festival-2022\/\u00a0\u00bb header_4_font_size_tablet=\u00a0\u00bb16px\u00a0\u00bb header_4_font_size_phone=\u00a0\u00bb14px\u00a0\u00bb header_4_font_size_last_edited=\u00a0\u00bbon|tablet\u00a0\u00bb locked=\u00a0\u00bboff\u00a0\u00bb global_colors_info=\u00a0\u00bb{}\u00a0\u00bb]<\/p>\n<h4>Demandez le programme !<\/h4>\n<p>[\/et_pb_text][et_pb_text _builder_version=\u00a0\u00bb4.16&Prime; _module_preset=\u00a0\u00bbf0cf31b9-b2e7-4752-a57c-6e2f73347b36&Prime; text_font=\u00a0\u00bbMulish|500|||||||\u00a0\u00bb text_text_color=\u00a0\u00bb#000000&Prime; text_font_size=\u00a0\u00bb16px\u00a0\u00bb text_line_height=\u00a0\u00bb1.8em\u00a0\u00bb custom_margin=\u00a0\u00bb||30px||false|false\u00a0\u00bb text_font_size_tablet=\u00a0\u00bb15px\u00a0\u00bb text_font_size_phone=\u00a0\u00bb14px\u00a0\u00bb text_font_size_last_edited=\u00a0\u00bbon|phone\u00a0\u00bb header_font_size_tablet=\u00a0\u00bb55px\u00a0\u00bb header_font_size_last_edited=\u00a0\u00bboff|desktop\u00a0\u00bb locked=\u00a0\u00bboff\u00a0\u00bb global_colors_info=\u00a0\u00bb{}\u00a0\u00bb]<\/p>\n<p>Du 20 au 29 juillet 2022, entre le Bugue, Les Eyzies et Saint Cyprien, le Festival qui va de Bach \u00e0 Piazzolla !<\/p>\n<p>[\/et_pb_text][et_pb_button button_url=\u00a0\u00bbhttp:\/\/musique-en-perigord.fr\/festival-2022\/\u00a0\u00bb button_text=\u00a0\u00bbLe voici\u00a0\u00bb _builder_version=\u00a0\u00bb4.16&Prime; _module_preset=\u00a0\u00bba30b17d4-93ca-4e94-b60e-0fad32ebe2b5&Prime; custom_button=\u00a0\u00bbon\u00a0\u00bb button_text_size=\u00a0\u00bb14px\u00a0\u00bb button_text_color=\u00a0\u00bb#FFFFFF\u00a0\u00bb button_bg_color=\u00a0\u00bb#000000&Prime; button_border_width=\u00a0\u00bb0px\u00a0\u00bb button_border_color=\u00a0\u00bb#8300E9&Prime; button_border_radius=\u00a0\u00bb0px\u00a0\u00bb button_font=\u00a0\u00bbMulish|700|||||||\u00a0\u00bb button_icon=\u00a0\u00bb&#x24;||divi||400&Prime; custom_padding=\u00a0\u00bb16px|30px|16px|30px|true|true\u00a0\u00bb locked=\u00a0\u00bboff\u00a0\u00bb global_colors_info=\u00a0\u00bb{}\u00a0\u00bb][\/et_pb_button][\/et_pb_column][\/et_pb_row][\/et_pb_section]<\/p>\n","protected":false},"excerpt":{"rendered":"<p>[et_pb_section fb_built=\u00a0\u00bb1&Prime; admin_label=\u00a0\u00bbsection\u00a0\u00bb _builder_version=\u00a0\u00bb4.16&Prime; global_colors_info=\u00a0\u00bb{}\u00a0\u00bb][et_pb_row admin_label=\u00a0\u00bbrow\u00a0\u00bb _builder_version=\u00a0\u00bb4.16&Prime; background_size=\u00a0\u00bbinitial\u00a0\u00bb background_position=\u00a0\u00bbtop_left\u00a0\u00bb background_repeat=\u00a0\u00bbrepeat\u00a0\u00bb custom_margin=\u00a0\u00bb|auto|-34px|auto||\u00a0\u00bb global_colors_info=\u00a0\u00bb{}\u00a0\u00bb][et_pb_column type=\u00a0\u00bb4_4&Prime; _builder_version=\u00a0\u00bb4.16&Prime; custom_padding=\u00a0\u00bb|||\u00a0\u00bb global_colors_info=\u00a0\u00bb{}\u00a0\u00bb custom_padding__hover=\u00a0\u00bb|||\u00a0\u00bb][et_pb_text admin_label=\u00a0\u00bbText\u00a0\u00bb _builder_version=\u00a0\u00bb4.17.2&Prime; background_size=\u00a0\u00bbinitial\u00a0\u00bb background_position=\u00a0\u00bbtop_left\u00a0\u00bb background_repeat=\u00a0\u00bbrepeat\u00a0\u00bb global_colors_info=\u00a0\u00bb{}\u00a0\u00bb] Concert de l&rsquo;ensemble Stradivaria le 27 juillet 2022 au ch\u00e2teau de Campagne \u00e0 21h. [\/et_pb_text][\/et_pb_column][\/et_pb_row][\/et_pb_section][et_pb_section fb_built=\u00a0\u00bb1&Prime; _builder_version=\u00a0\u00bb4.17.2&Prime; _module_preset=\u00a0\u00bbdefault\u00a0\u00bb global_colors_info=\u00a0\u00bb{}\u00a0\u00bb][et_pb_row column_structure=\u00a0\u00bb2_5,3_5&Prime; _builder_version=\u00a0\u00bb4.17.2&Prime; _module_preset=\u00a0\u00bbdefault\u00a0\u00bb global_colors_info=\u00a0\u00bb{}\u00a0\u00bb][et_pb_column type=\u00a0\u00bb2_5&Prime; _builder_version=\u00a0\u00bb4.17.2&Prime; _module_preset=\u00a0\u00bbdefault\u00a0\u00bb global_colors_info=\u00a0\u00bb{}\u00a0\u00bb][et_pb_image src=\u00a0\u00bbhttp:\/\/musique-en-perigord.fr\/wp-content\/uploads\/2022\/02\/STRADIVARIA-Octuor-C-Jardin-Credit-Sebastien-Carles-scaled.jpg\u00a0\u00bb alt=\u00a0\u00bbEnsemble Stradivaria\u00a0\u00bb title_text=\u00a0\u00bbSTRADIVARIA &#8211; [&hellip;]<\/p>\n","protected":false},"author":1,"featured_media":0,"parent":0,"menu_order":0,"comment_status":"closed","ping_status":"closed","template":"","meta":{"footnotes":""},"class_list":["post-25687","page","type-page","status-publish","hentry"],"_links":{"self":[{"href":"https:\/\/musique-en-perigord.fr\/en\/wp-json\/wp\/v2\/pages\/25687","targetHints":{"allow":["GET"]}}],"collection":[{"href":"https:\/\/musique-en-perigord.fr\/en\/wp-json\/wp\/v2\/pages"}],"about":[{"href":"https:\/\/musique-en-perigord.fr\/en\/wp-json\/wp\/v2\/types\/page"}],"author":[{"embeddable":true,"href":"https:\/\/musique-en-perigord.fr\/en\/wp-json\/wp\/v2\/users\/1"}],"replies":[{"embeddable":true,"href":"https:\/\/musique-en-perigord.fr\/en\/wp-json\/wp\/v2\/comments?post=25687"}],"version-history":[{"count":13,"href":"https:\/\/musique-en-perigord.fr\/en\/wp-json\/wp\/v2\/pages\/25687\/revisions"}],"predecessor-version":[{"id":25987,"href":"https:\/\/musique-en-perigord.fr\/en\/wp-json\/wp\/v2\/pages\/25687\/revisions\/25987"}],"wp:attachment":[{"href":"https:\/\/musique-en-perigord.fr\/en\/wp-json\/wp\/v2\/media?parent=25687"}],"curies":[{"name":"wp","href":"https:\/\/api.w.org\/{rel}","templated":true}]}}