{"id":29471,"date":"2026-04-20T13:28:46","date_gmt":"2026-04-20T11:28:46","guid":{"rendered":"https:\/\/musique-en-perigord.fr\/?page_id=29471"},"modified":"2026-04-20T13:38:16","modified_gmt":"2026-04-20T11:38:16","slug":"mise-a-jour-site-2026","status":"publish","type":"page","link":"https:\/\/musique-en-perigord.fr\/en\/mise-a-jour-site-2026\/","title":{"rendered":"Mise \u00e0 jour site 2026"},"content":{"rendered":"<div data-elementor-type=\"wp-page\" data-elementor-id=\"29471\" class=\"elementor elementor-29471\" data-elementor-post-type=\"page\">\n\t\t\t\t<div class=\"elementor-element elementor-element-ea53e3c e-con-full e-flex e-con e-parent\" data-id=\"ea53e3c\" data-element_type=\"container\" data-e-type=\"container\">\n\t\t<div class=\"elementor-element elementor-element-17afd77 e-con-full e-flex e-con e-child\" data-id=\"17afd77\" data-element_type=\"container\" data-e-type=\"container\" data-settings=\"{&quot;background_background&quot;:&quot;classic&quot;}\">\n\t\t<div class=\"elementor-element elementor-element-0d49b1b e-con-full e-flex e-con e-child\" data-id=\"0d49b1b\" data-element_type=\"container\" data-e-type=\"container\">\n\t\t\t\t<\/div>\n\t\t<div class=\"elementor-element elementor-element-3e762bb e-con-full e-flex e-con e-child\" data-id=\"3e762bb\" data-element_type=\"container\" data-e-type=\"container\">\n\t\t<div class=\"elementor-element elementor-element-eda64f3 e-con-full e-flex e-con e-child\" data-id=\"eda64f3\" data-element_type=\"container\" data-e-type=\"container\">\n\t\t\t\t<div class=\"elementor-element elementor-element-c218876 elementor-widget elementor-widget-heading\" data-id=\"c218876\" data-element_type=\"widget\" data-e-type=\"widget\" data-widget_type=\"heading.default\">\n\t\t\t\t<div class=\"elementor-widget-container\">\n\t\t\t\t\t<h3 class=\"elementor-heading-title elementor-size-default\"><p data-start=\"257\" data-end=\"308\"><strong data-start=\"257\" data-end=\"308\">Le Festival Musique en P\u00e9rigord 2026 se pr\u00e9pare<\/strong><span><\/span><\/p><\/h3>\t\t\t\t<\/div>\n\t\t\t\t<\/div>\n\t\t\t\t<div class=\"elementor-element elementor-element-fb31b2e elementor-align-center elementor-widget elementor-widget-button\" data-id=\"fb31b2e\" data-element_type=\"widget\" data-e-type=\"widget\" data-widget_type=\"button.default\">\n\t\t\t\t<div class=\"elementor-widget-container\">\n\t\t\t\t\t\t\t\t\t<div class=\"elementor-button-wrapper\">\n\t\t\t\t\t<a class=\"elementor-button elementor-button-link elementor-size-sm\" href=\"http:\/\/musique-en-perigord.fr\/wp-content\/uploads\/2026\/04\/2026-Depliant-.pdf\" target=\"_blank\">\n\t\t\t\t\t\t<span class=\"elementor-button-content-wrapper\">\n\t\t\t\t\t\t\t\t\t<span class=\"elementor-button-text\">Discover the programme<\/span>\n\t\t\t\t\t<\/span>\n\t\t\t\t\t<\/a>\n\t\t\t\t<\/div>\n\t\t\t\t\t\t\t\t<\/div>\n\t\t\t\t<\/div>\n\t\t\t\t<\/div>\n\t\t\t\t<\/div>\n\t\t\t\t<\/div>\n\t\t\t\t<\/div>\n\t\t<div class=\"elementor-element elementor-element-1a1f62a e-flex e-con-boxed e-con e-parent\" data-id=\"1a1f62a\" data-element_type=\"container\" data-e-type=\"container\">\n\t\t\t\t\t<div class=\"e-con-inner\">\n\t\t<div class=\"elementor-element elementor-element-36e7f9f e-con-full e-flex e-con e-child\" data-id=\"36e7f9f\" data-element_type=\"container\" data-e-type=\"container\">\n\t\t\t\t<div class=\"elementor-element elementor-element-8383fd1 elementor-widget elementor-widget-image\" data-id=\"8383fd1\" data-element_type=\"widget\" data-e-type=\"widget\" data-widget_type=\"image.default\">\n\t\t\t\t<div class=\"elementor-widget-container\">\n\t\t\t\t\t\t\t\t\t\t\t\t\t\t\t<img fetchpriority=\"high\" decoding=\"async\" width=\"800\" height=\"340\" src=\"https:\/\/musique-en-perigord.fr\/wp-content\/uploads\/2026\/04\/Petites-Banderoles-festival-2025-200x85-1-1024x435.png\" class=\"attachment-large size-large wp-image-29358\" alt=\"Festival de musique en P\u00e9rigord 2026 concert de musique classique en Dordogne dans un lieu patrimonial\" srcset=\"https:\/\/musique-en-perigord.fr\/wp-content\/uploads\/2026\/04\/Petites-Banderoles-festival-2025-200x85-1-1024x435.png 1024w, https:\/\/musique-en-perigord.fr\/wp-content\/uploads\/2026\/04\/Petites-Banderoles-festival-2025-200x85-1-300x128.png 300w, https:\/\/musique-en-perigord.fr\/wp-content\/uploads\/2026\/04\/Petites-Banderoles-festival-2025-200x85-1-768x326.png 768w, https:\/\/musique-en-perigord.fr\/wp-content\/uploads\/2026\/04\/Petites-Banderoles-festival-2025-200x85-1-1536x653.png 1536w, https:\/\/musique-en-perigord.fr\/wp-content\/uploads\/2026\/04\/Petites-Banderoles-festival-2025-200x85-1-2048x871.png 2048w, https:\/\/musique-en-perigord.fr\/wp-content\/uploads\/2026\/04\/Petites-Banderoles-festival-2025-200x85-1-18x8.png 18w\" sizes=\"(max-width: 800px) 100vw, 800px\" \/>\t\t\t\t\t\t\t\t\t\t\t\t\t\t\t<\/div>\n\t\t\t\t<\/div>\n\t\t\t\t<\/div>\n\t\t\t\t\t<\/div>\n\t\t\t\t<\/div>\n\t\t<div class=\"elementor-element elementor-element-846834c e-con-full e-flex e-con e-parent\" data-id=\"846834c\" data-element_type=\"container\" data-e-type=\"container\">\n\t\t<div class=\"elementor-element elementor-element-0e1bf9b e-con-full e-flex e-con e-child\" data-id=\"0e1bf9b\" data-element_type=\"container\" data-e-type=\"container\" data-settings=\"{&quot;background_background&quot;:&quot;classic&quot;}\">\n\t\t<div class=\"elementor-element elementor-element-e4a6aee e-con-full e-grid e-con e-child\" data-id=\"e4a6aee\" data-element_type=\"container\" data-e-type=\"container\">\n\t\t<div class=\"elementor-element elementor-element-c13087a e-con-full e-flex e-con e-child\" data-id=\"c13087a\" data-element_type=\"container\" data-e-type=\"container\">\n\t\t\t\t<div class=\"elementor-element elementor-element-f4b7d0b elementor-widget elementor-widget-text-editor\" data-id=\"f4b7d0b\" data-element_type=\"widget\" data-e-type=\"widget\" data-widget_type=\"text-editor.default\">\n\t\t\t\t<div class=\"elementor-widget-container\">\n\t\t\t\t\t\t\t\t\t<p data-start=\"324\" data-end=\"474\"><strong data-start=\"324\" data-end=\"474\">La 38e \u00e9dition est en cours de mise en ligne. Retrouvez tr\u00e8s bient\u00f4t l\u2019ensemble de la programmation, les informations pratiques et la billetterie.<\/strong><\/p><p data-start=\"495\" data-end=\"600\">Le site de <strong data-start=\"506\" data-end=\"529\">Music in Perigord<\/strong> fait actuellement peau neuve pour pr\u00e9parer l\u2019\u00e9dition 2026 du festival.<\/p><p data-start=\"602\" data-end=\"809\">Tr\u00e8s prochainement, vous pourrez d\u00e9couvrir les concerts, les artistes invit\u00e9s, les lieux du festival ainsi que toutes les informations utiles pour vivre pleinement cette nouvelle \u00e9dition au c\u0153ur du P\u00e9rigord.<\/p><p data-start=\"811\" data-end=\"855\">Merci pour votre patience et \u00e0 tr\u00e8s bient\u00f4t.<\/p>\t\t\t\t\t\t\t\t<\/div>\n\t\t\t\t<\/div>\n\t\t\t\t<\/div>\n\t\t<div class=\"elementor-element elementor-element-a58a6c3 e-con-full e-flex e-con e-child\" data-id=\"a58a6c3\" data-element_type=\"container\" data-e-type=\"container\">\n\t\t\t\t<div class=\"elementor-element elementor-element-a17e46d elementor-widget elementor-widget-image\" data-id=\"a17e46d\" data-element_type=\"widget\" data-e-type=\"widget\" data-widget_type=\"image.default\">\n\t\t\t\t<div class=\"elementor-widget-container\">\n\t\t\t\t\t\t\t\t\t\t\t\t\t\t\t<img decoding=\"async\" width=\"150\" height=\"150\" src=\"https:\/\/musique-en-perigord.fr\/wp-content\/uploads\/2024\/03\/Logo-MeP-2024-150x150.png\" class=\"attachment-thumbnail size-thumbnail wp-image-27190\" alt=\"\" srcset=\"https:\/\/musique-en-perigord.fr\/wp-content\/uploads\/2024\/03\/Logo-MeP-2024-150x150.png 150w, https:\/\/musique-en-perigord.fr\/wp-content\/uploads\/2024\/03\/Logo-MeP-2024-300x300.png 300w, https:\/\/musique-en-perigord.fr\/wp-content\/uploads\/2024\/03\/Logo-MeP-2024-1024x1024.png 1024w, https:\/\/musique-en-perigord.fr\/wp-content\/uploads\/2024\/03\/Logo-MeP-2024-768x768.png 768w, https:\/\/musique-en-perigord.fr\/wp-content\/uploads\/2024\/03\/Logo-MeP-2024-1536x1536.png 1536w, https:\/\/musique-en-perigord.fr\/wp-content\/uploads\/2024\/03\/Logo-MeP-2024-12x12.png 12w, https:\/\/musique-en-perigord.fr\/wp-content\/uploads\/2024\/03\/elementor\/thumbs\/Logo-MeP-2024-ql7d85gg8sose7dr6gwai1ztv6tvp0afmkaqo7nv8o.png 100w, https:\/\/musique-en-perigord.fr\/wp-content\/uploads\/2024\/03\/Logo-MeP-2024.png 1563w\" sizes=\"(max-width: 150px) 100vw, 150px\" \/>\t\t\t\t\t\t\t\t\t\t\t\t\t\t\t<\/div>\n\t\t\t\t<\/div>\n\t\t\t\t<\/div>\n\t\t\t\t<\/div>\n\t\t\t\t<\/div>\n\t\t\t\t<\/div>\n\t\t<div class=\"elementor-element elementor-element-856cd79 e-con-full e-flex e-con e-parent\" data-id=\"856cd79\" data-element_type=\"container\" data-e-type=\"container\">\n\t\t<div class=\"elementor-element elementor-element-dfbc598 e-con-full e-flex e-con e-child\" data-id=\"dfbc598\" data-element_type=\"container\" data-e-type=\"container\" data-settings=\"{&quot;background_background&quot;:&quot;classic&quot;}\">\n\t\t<div class=\"elementor-element elementor-element-69d5e99 e-con-full e-flex e-con e-child\" data-id=\"69d5e99\" data-element_type=\"container\" data-e-type=\"container\">\n\t\t\t\t<div class=\"elementor-element elementor-element-ca03e97 elementor-widget elementor-widget-heading\" data-id=\"ca03e97\" data-element_type=\"widget\" data-e-type=\"widget\" data-widget_type=\"heading.default\">\n\t\t\t\t<div class=\"elementor-widget-container\">\n\t\t\t\t\t<h2 class=\"elementor-heading-title elementor-size-default\">Musique en p\u00e9rigord means<\/h2>\t\t\t\t<\/div>\n\t\t\t\t<\/div>\n\t\t<div class=\"elementor-element elementor-element-f5715f0 e-con-full e-flex e-con e-child\" data-id=\"f5715f0\" data-element_type=\"container\" data-e-type=\"container\">\n\t\t\t\t<div class=\"elementor-element elementor-element-4b183fb elementor-widget-mobile__width-initial elementor-widget__width-initial elementor-widget elementor-widget-counter\" data-id=\"4b183fb\" data-element_type=\"widget\" data-e-type=\"widget\" data-widget_type=\"counter.default\">\n\t\t\t\t<div class=\"elementor-widget-container\">\n\t\t\t\t\t\t\t<div class=\"elementor-counter\">\n\t\t\t<div class=\"elementor-counter-title\">Years<\/div>\t\t\t<div class=\"elementor-counter-number-wrapper\">\n\t\t\t\t<span class=\"elementor-counter-number-prefix\"><\/span>\n\t\t\t\t<span class=\"elementor-counter-number\" data-duration=\"2000\" data-to-value=\"38\" data-from-value=\"0\" data-delimiter=\",\">0<\/span>\n\t\t\t\t<span class=\"elementor-counter-number-suffix\"><\/span>\n\t\t\t<\/div>\n\t\t<\/div>\n\t\t\t\t\t\t<\/div>\n\t\t\t\t<\/div>\n\t\t\t\t<div class=\"elementor-element elementor-element-ebaa77e elementor-widget-mobile__width-initial elementor-widget__width-initial elementor-widget elementor-widget-counter\" data-id=\"ebaa77e\" data-element_type=\"widget\" data-e-type=\"widget\" data-widget_type=\"counter.default\">\n\t\t\t\t<div class=\"elementor-widget-container\">\n\t\t\t\t\t\t\t<div class=\"elementor-counter\">\n\t\t\t<div class=\"elementor-counter-title\">Concerts<\/div>\t\t\t<div class=\"elementor-counter-number-wrapper\">\n\t\t\t\t<span class=\"elementor-counter-number-prefix\"><\/span>\n\t\t\t\t<span class=\"elementor-counter-number\" data-duration=\"2000\" data-to-value=\"228\" data-from-value=\"0\" data-delimiter=\",\">0<\/span>\n\t\t\t\t<span class=\"elementor-counter-number-suffix\"><\/span>\n\t\t\t<\/div>\n\t\t<\/div>\n\t\t\t\t\t\t<\/div>\n\t\t\t\t<\/div>\n\t\t\t\t<div class=\"elementor-element elementor-element-6b62808 elementor-widget-mobile__width-initial elementor-widget__width-initial elementor-widget elementor-widget-counter\" data-id=\"6b62808\" data-element_type=\"widget\" data-e-type=\"widget\" data-widget_type=\"counter.default\">\n\t\t\t\t<div class=\"elementor-widget-container\">\n\t\t\t\t\t\t\t<div class=\"elementor-counter\">\n\t\t\t<div class=\"elementor-counter-title\">Spectators<\/div>\t\t\t<div class=\"elementor-counter-number-wrapper\">\n\t\t\t\t<span class=\"elementor-counter-number-prefix\"><\/span>\n\t\t\t\t<span class=\"elementor-counter-number\" data-duration=\"2000\" data-to-value=\"27200\" data-from-value=\"0\" data-delimiter=\",\">0<\/span>\n\t\t\t\t<span class=\"elementor-counter-number-suffix\">+<\/span>\n\t\t\t<\/div>\n\t\t<\/div>\n\t\t\t\t\t\t<\/div>\n\t\t\t\t<\/div>\n\t\t\t\t<\/div>\n\t\t\t\t<\/div>\n\t\t<div class=\"elementor-element elementor-element-24f1a24 e-con-full e-flex e-con e-child\" data-id=\"24f1a24\" data-element_type=\"container\" data-e-type=\"container\">\n\t\t<div class=\"elementor-element elementor-element-666f87a e-con-full e-flex e-con e-child\" data-id=\"666f87a\" data-element_type=\"container\" data-e-type=\"container\">\n\t\t\t\t<div class=\"elementor-element elementor-element-8ab2799 elementor-widget elementor-widget-image\" data-id=\"8ab2799\" data-element_type=\"widget\" data-e-type=\"widget\" data-widget_type=\"image.default\">\n\t\t\t\t<div class=\"elementor-widget-container\">\n\t\t\t\t\t\t\t\t\t\t\t\t\t\t\t<img decoding=\"async\" width=\"768\" height=\"768\" src=\"https:\/\/musique-en-perigord.fr\/wp-content\/uploads\/2024\/03\/Design-sans-titre-21-768x768.png\" class=\"attachment-medium_large size-medium_large wp-image-27312\" alt=\"\" srcset=\"https:\/\/musique-en-perigord.fr\/wp-content\/uploads\/2024\/03\/Design-sans-titre-21-768x768.png 768w, https:\/\/musique-en-perigord.fr\/wp-content\/uploads\/2024\/03\/Design-sans-titre-21-300x300.png 300w, https:\/\/musique-en-perigord.fr\/wp-content\/uploads\/2024\/03\/Design-sans-titre-21-1024x1024.png 1024w, https:\/\/musique-en-perigord.fr\/wp-content\/uploads\/2024\/03\/Design-sans-titre-21-150x150.png 150w, https:\/\/musique-en-perigord.fr\/wp-content\/uploads\/2024\/03\/Design-sans-titre-21-12x12.png 12w, https:\/\/musique-en-perigord.fr\/wp-content\/uploads\/2024\/03\/Design-sans-titre-21.png 1063w\" sizes=\"(max-width: 768px) 100vw, 768px\" \/>\t\t\t\t\t\t\t\t\t\t\t\t\t\t\t<\/div>\n\t\t\t\t<\/div>\n\t\t\t\t<\/div>\n\t\t\t\t<\/div>\n\t\t\t\t<\/div>\n\t\t\t\t<\/div>\n\t\t\t\t<\/div>","protected":false},"excerpt":{"rendered":"<p>Le Festival Musique en P\u00e9rigord 2026 se pr\u00e9pare D\u00e9couvrir le programme La 38e \u00e9dition est en cours de mise en ligne. Retrouvez tr\u00e8s bient\u00f4t l\u2019ensemble de la programmation, les informations pratiques et la billetterie. Le site de Musique en P\u00e9rigord fait actuellement peau neuve pour pr\u00e9parer l\u2019\u00e9dition 2026 du festival. Tr\u00e8s prochainement, vous pourrez d\u00e9couvrir [&hellip;]<\/p>\n","protected":false},"author":5,"featured_media":0,"parent":0,"menu_order":0,"comment_status":"closed","ping_status":"closed","template":"","meta":{"footnotes":""},"class_list":["post-29471","page","type-page","status-publish","hentry"],"_links":{"self":[{"href":"https:\/\/musique-en-perigord.fr\/en\/wp-json\/wp\/v2\/pages\/29471","targetHints":{"allow":["GET"]}}],"collection":[{"href":"https:\/\/musique-en-perigord.fr\/en\/wp-json\/wp\/v2\/pages"}],"about":[{"href":"https:\/\/musique-en-perigord.fr\/en\/wp-json\/wp\/v2\/types\/page"}],"author":[{"embeddable":true,"href":"https:\/\/musique-en-perigord.fr\/en\/wp-json\/wp\/v2\/users\/5"}],"replies":[{"embeddable":true,"href":"https:\/\/musique-en-perigord.fr\/en\/wp-json\/wp\/v2\/comments?post=29471"}],"version-history":[{"count":4,"href":"https:\/\/musique-en-perigord.fr\/en\/wp-json\/wp\/v2\/pages\/29471\/revisions"}],"predecessor-version":[{"id":29477,"href":"https:\/\/musique-en-perigord.fr\/en\/wp-json\/wp\/v2\/pages\/29471\/revisions\/29477"}],"wp:attachment":[{"href":"https:\/\/musique-en-perigord.fr\/en\/wp-json\/wp\/v2\/media?parent=29471"}],"curies":[{"name":"wp","href":"https:\/\/api.w.org\/{rel}","templated":true}]}}